{"id":6865,"date":"2012-12-26T13:58:48","date_gmt":"2012-12-26T18:58:48","guid":{"rendered":"http:\/\/nadeaubarlow.com\/?page_id=6865"},"modified":"2013-10-09T16:48:12","modified_gmt":"2013-10-09T20:48:12","slug":"articles-sur-d-autres-sujets","status":"publish","type":"page","link":"https:\/\/nadeaubarlow.com\/fr\/nos-dernier-articles\/articles-sur-d-autres-sujets\/","title":{"rendered":"Articles sur d&rsquo;autres sujets"},"content":{"rendered":"<p><a href=\"https:\/\/nadeaubarlow.com\/nos-dernier-articles\/articles-sur-la-langue-et-la-culture\/\">Articles sur la langue et la culture\u00a0\u00bb<\/a><\/p>\n<div>\n<div>\n<div>\n<div>\n<div>\n<div><strong>septembre 2013<\/strong><\/div>\n<div>\n<ul>\n<li><a href=\"http:\/\/www.lactualite.com\/lactualite-affaires\/les-leaders-croissance\/je-veux-reussir-le-passage-a-la-generation-suivante\/\" target=\"_blank\">\u00ab Je veux r\u00e9ussir le passage \u00e0 la g\u00e9n\u00e9ration suivante \u00bb<\/a>,\u00a0par\u00a0Jean-Beno\u00eet Nadeau,\u00a0<a href=\"http:\/\/www.lactualite.com\/author\/jeanbenoitnadeau\/\" target=\"_blank\">L\u2019actualit\u00e9<\/a>,\u00a02013.09.12<\/li>\n<li><a href=\"http:\/\/www.lactualite.com\/lactualite-affaires\/les-leaders-croissance\/je-veux-doter-quebec-dun-grand-siege-social\/\" target=\"_blank\">\u00ab Je veux doter Qu\u00e9bec d\u2019un grand si\u00e8ge social \u00bb<\/a>,\u00a0par\u00a0Jean-Beno\u00eet Nadeau,\u00a0<a href=\"http:\/\/www.lactualite.com\/author\/jeanbenoitnadeau\/\" target=\"_blank\">L\u2019actualit\u00e9<\/a>,\u00a02013.09.12<\/li>\n<li><a href=\"http:\/\/www.lactualite.com\/lactualite-affaires\/les-leaders-croissance\/je-veux-reussir-le-virage-a-180-degres\/\" target=\"_blank\">\u00ab Nous voulons r\u00e9ussir un virage \u00e0 180 degr\u00e9s \u00bb<\/a>,\u00a0par\u00a0Jean-Beno\u00eet Nadeau,\u00a0<a href=\"http:\/\/www.lactualite.com\/author\/jeanbenoitnadeau\/\" target=\"_blank\">L\u2019actualit\u00e9<\/a>,\u00a02013.09.12<\/li>\n<li><a href=\"http:\/\/www.lactualite.com\/lactualite-affaires\/les-leaders-croissance\/je-veux-conquerir-montreal\/\" target=\"_blank\">\u00ab Je veux conqu\u00e9rir Montr\u00e9al \u00bb<\/a>,\u00a0par\u00a0Jean-Beno\u00eet Nadeau,\u00a0<a href=\"http:\/\/www.lactualite.com\/author\/jeanbenoitnadeau\/\" target=\"_blank\">L\u2019actualit\u00e9<\/a>,\u00a02013.09.12<\/li>\n<li><a href=\"http:\/\/www.lactualite.com\/lactualite-affaires\/les-leaders-croissance\/je-veux-bousculer-amazon\/\" target=\"_blank\">\u00ab Je veux bousculer Amazon \u00bb<\/a>,\u00a0par\u00a0Jean-Beno\u00eet Nadeau,\u00a0<a href=\"http:\/\/www.lactualite.com\/author\/jeanbenoitnadeau\/\" target=\"_blank\">L\u2019actualit\u00e9<\/a>,\u00a02013.09.12<\/li>\n<li><a href=\"http:\/\/www.lactualite.com\/lactualite-affaires\/les-leaders-croissance\/je-veux-etablir-la-norme-internationale\/\" target=\"_blank\">\u00ab Je veux \u00e9tablir la norme internationale \u00bb<\/a>,\u00a0par\u00a0Jean-Beno\u00eet Nadeau,\u00a0<a href=\"http:\/\/www.lactualite.com\/author\/jeanbenoitnadeau\/\" target=\"_blank\">L\u2019actualit\u00e9<\/a>,\u00a02013.09.12<\/li>\n<\/ul>\n<div><strong>ao\u00fbt 2013<\/strong><\/div>\n<div>\n<ul>\n<li><a href=\"http:\/\/www.lactualite.com\/lactualite-affaires\/le-flou-en-heritage\/\" target=\"_blank\">Le flou en h\u00e9ritage<\/a>,\u00a0par\u00a0Julie Barlow,\u00a0<a href=\"http:\/\/www.lactualite.com\/\">L\u2019actualit\u00e9<\/a>,\u00a02013.08.30<\/li>\n<li><a href=\"http:\/\/www.lactualite.com\/societe\/viaduc-de-millau-pont-champlain-meme-combat\/\" target=\"_blank\">Viaduc de Millau, pont Champlain : m\u00eame combat ?<\/a>,\u00a0par\u00a0Julie Barlow,\u00a0<a href=\"http:\/\/www.lactualite.com\/author\/juliebarlow\/\" target=\"_blank\">L\u2019actualit\u00e9<\/a>,\u00a02013.08.23<\/li>\n<li><a href=\"http:\/\/actualites.ca.msn.com\/chroniques\/mmh-le-bon-frankenburger\" target=\"_blank\">Le bon frankenburger!<\/a>,\u00a0par\u00a0Jean-Beno\u00eet Nadeau,\u00a0<a href=\"http:\/\/actualites.ca.msn.com\/chroniques\/chroniques.aspx\" target=\"_blank\">MSN<\/a>,\u00a02013.08.06<\/li>\n<\/ul>\n<\/div>\n<\/div>\n<div><strong><strong>juillet<\/strong>\u00a02013<\/strong><\/div>\n<div>\n<ul>\n<li><a href=\"http:\/\/actualites.ca.msn.com\/chroniques\/drame-dans-le-clapier\" target=\"_blank\">Drame dans le clapier<\/a>,\u00a0par\u00a0Jean-Beno\u00eet Nadeau,\u00a0<a href=\"http:\/\/actualites.ca.msn.com\/chroniques\/chroniques.aspx\" target=\"_blank\">MSN<\/a>,\u00a02013.07.31<\/li>\n<li><a href=\"http:\/\/actualites.ca.msn.com\/chroniques\/m%C3%A9gantic-les-voies-du-march%C3%A9\" target=\"_blank\">M\u00e9gantic: les voies du march\u00e9<\/a>,\u00a0par\u00a0Jean-Beno\u00eet Nadeau,\u00a0<a href=\"http:\/\/actualites.ca.msn.com\/chroniques\/chroniques.aspx\" target=\"_blank\">MSN<\/a>,\u00a02013.07.09<\/li>\n<li><a href=\"http:\/\/publications.mcgill.ca\/mcgillnews\/files\/2013\/07\/News-spring-summer-2013_FINAL.pdf\" target=\"_blank\"><strong><\/strong>Explorateur du cerveau,<\/a> par Jean-Beno\u00eet Nadeau, <a href=\"http:\/\/publications.mcgill.ca\/mcgillnews\/\" target=\"_blank\">McGill News Alumni Magazine<\/a>, 2013.07.01<\/li>\n<\/ul>\n<\/div>\n<\/div>\n<div><strong><strong>juin<\/strong>\u00a02013<\/strong><\/div>\n<div>\n<ul>\n<li><a href=\"http:\/\/actualites.ca.msn.com\/chroniques\/les-inondations-surprises\" target=\"_blank\">Les inondations surprises<\/a>!\u00a0par\u00a0Jean-Beno\u00eet Nadeau,\u00a0<a href=\"http:\/\/actualites.ca.msn.com\/chroniques\/chroniques.aspx\" target=\"_blank\">MSN<\/a>,\u00a02013.06.11<\/li>\n<\/ul>\n<\/div>\n<\/div>\n<div>\n<div><strong>mai 2013<\/strong><\/div>\n<div>\n<ul>\n<li><a href=\"http:\/\/actualites.ca.msn.com\/chroniques\/commission-charbonneau-une-erreur\" target=\"_blank\">Commission Charbonneau : une erreur?<\/a>\u00a0par\u00a0Jean-Beno\u00eet Nadeau,\u00a0<a href=\"http:\/\/actualites.ca.msn.com\/chroniques\/chroniques.aspx\" target=\"_blank\">MSN<\/a>,\u00a02013.05.14<\/li>\n<li><a href=\"http:\/\/actualites.ca.msn.com\/chroniques\/pour-ceux-qui-adoptent-ladoption\" target=\"_blank\">Pour ceux qui adoptent l&rsquo;adoption<\/a>,\u00a0par\u00a0Jean-Beno\u00eet Nadeau,\u00a0<a href=\"http:\/\/actualites.ca.msn.com\/chroniques\/chroniques.aspx\" target=\"_blank\">MSN<\/a>,\u00a02013.05.07<\/li>\n<\/ul>\n<\/div>\n<\/div>\n<div><strong>avril 2013<\/strong><\/div>\n<div>\n<ul>\n<li><a href=\"http:\/\/www.lactualite.com\/lactualite-affaires\/ressouces-naturelles-lactualite-affaires\/des-emplois-venus-du-froid\/\" target=\"_blank\">Des emplois venus du froid<\/a>,\u00a0par\u00a0Jean-Beno\u00eet Nadeau,\u00a0<a href=\"http:\/\/www.lactualite.com\/author\/jeanbenoitnadeau\/\" target=\"_blank\">L\u2019actualit\u00e9<\/a>,\u00a02013.04.17<\/li>\n<li><a href=\"http:\/\/actualites.ca.msn.com\/chroniques\/terreur-%C3%A0-boston\" target=\"_blank\">Terreur \u00e0 Boston<\/a>,\u00a0par\u00a0Jean-Beno\u00eet Nadeau,\u00a0<a href=\"http:\/\/actualites.ca.msn.com\/chroniques\/chroniques.aspx\" target=\"_blank\">MSN<\/a>,\u00a02013.04.16<\/li>\n<li><a href=\"http:\/\/actualites.ca.msn.com\/chroniques\/le-terroriste-des-uns\" target=\"_blank\">Le terroriste des uns<\/a>,\u00a0par\u00a0Jean-Beno\u00eet Nadeau,\u00a0<a href=\"http:\/\/actualites.ca.msn.com\/chroniques\/chroniques.aspx\" target=\"_blank\">MSN<\/a>,\u00a02013.04.09<\/li>\n<li><a href=\"http:\/\/actualites.ca.msn.com\/chroniques\/des-nouvelles-des-jumelles\" target=\"_blank\">Des nouvelles des jumelles<\/a>,\u00a0par\u00a0Jean-Beno\u00eet Nadeau,\u00a0<a href=\"http:\/\/actualites.ca.msn.com\/chroniques\/chroniques.aspx\" target=\"_blank\">MSN<\/a>,\u00a02013.04.03<\/li>\n<\/ul>\n<div><strong>mars 2013<\/strong><\/div>\n<div>\n<ul>\n<li><a href=\"http:\/\/www.lactualite.com\/societe\/environnement\/le-petrole-en-22-questions\/\" target=\"_blank\">Le p\u00e9trole en 22 questions<\/a>, par\u00a0Jean-Beno\u00eet Nadeau,\u00a0<a href=\"http:\/\/www.lactualite.com\/author\/jeanbenoitnadeau\/\" target=\"_blank\">L\u2019actualit\u00e9<\/a>,\u00a02013.03.28<\/li>\n<li><a href=\"http:\/\/actualites.ca.msn.com\/chroniques\/retour-sur-le-p%C3%A9trole-qu%C3%A9b%C3%A9cois\" target=\"_blank\">Retour sur le p\u00e9trole qu\u00e9b\u00e9cois<\/a>,\u00a0par\u00a0Jean-Beno\u00eet Nadeau,\u00a0<a href=\"http:\/\/actualites.ca.msn.com\/chroniques\/chroniques.aspx\" target=\"_blank\">MSN<\/a>,\u00a02013.03.19<\/li>\n<\/ul>\n<\/div>\n<\/div>\n<\/div>\n<div><strong>f\u00e9vrier 2013<\/strong><\/div>\n<div>\n<ul>\n<li><a href=\"http:\/\/actualites.ca.msn.com\/chroniques\/jean-benoit-nadeau.aspx?cp-documentid=256246878\" target=\"_blank\">P\u00e8re No\u00ebl, f\u00e9e des dents et autres lapins de P\u00e2ques<\/a>,\u00a0par\u00a0Jean-Beno\u00eet Nadeau,\u00a0<a href=\"http:\/\/actualites.ca.msn.com\/chroniques\/chroniques.aspx\" target=\"_blank\">MSN<\/a>,\u00a02013.02.13<\/li>\n<\/ul>\n<\/div>\n<div><strong>d\u00e9cembre 2012<\/strong><\/div>\n<div>\n<ul>\n<li><a href=\"http:\/\/actualites.ca.msn.com\/chroniques\/ski-de-fond-urbain\" target=\"_blank\">Ski de fond urbain<\/a>,\u00a0par\u00a0Jean-Beno\u00eet Nadeau,\u00a0<a href=\"http:\/\/actualites.ca.msn.com\/chroniques\/chroniques.aspx\" target=\"_blank\">MSN<\/a>,\u00a02012.12.28<\/li>\n<li><a href=\"http:\/\/actualites.ca.msn.com\/chroniques\/un-ange-est-pass%C3%A9-ce-jour-l%C3%A0\" target=\"_blank\">Un ange est pass\u00e9 ce jour-l\u00e0<\/a>,\u00a0par\u00a0Jean-Beno\u00eet Nadeau,\u00a0<a href=\"http:\/\/actualites.ca.msn.com\/chroniques\/chroniques.aspx\" target=\"_blank\">MSN<\/a>,\u00a02012.12.26<\/li>\n<li><a href=\"http:\/\/actualites.ca.msn.com\/chroniques\/lanti-conte-de-lanti-no%C3%ABl\" target=\"_blank\">L&rsquo;anti-conte de l&rsquo;anti-No\u00ebl<\/a>,\u00a0par\u00a0Jean-Beno\u00eet Nadeau,\u00a0<a href=\"http:\/\/actualites.ca.msn.com\/chroniques\/chroniques.aspx\" target=\"_blank\">MSN<\/a>,\u00a02012.12.10<\/li>\n<li><a href=\"http:\/\/actualites.ca.msn.com\/chroniques\/les-guignols-de-la-charit%C3%A9\" target=\"_blank\">Les guignols de la charit\u00e9<\/a>,\u00a0par\u00a0Jean-Beno\u00eet Nadeau,\u00a0<a href=\"http:\/\/actualites.ca.msn.com\/chroniques\/chroniques.aspx\" target=\"_blank\">MSN<\/a>,\u00a02012.12.04<\/li>\n<\/ul>\n<\/div>\n<div><strong>novembre 2012<\/strong><\/div>\n<div>\n<ul>\n<li><a href=\"http:\/\/actualites.ca.msn.com\/chroniques\/la-marche-vers-lind%C3%A9pendance\" target=\"_blank\">\u00a0La marche vers l&rsquo;ind\u00e9pendance<\/a>,\u00a0par\u00a0Jean-Beno\u00eet Nadeau,\u00a0<a href=\"http:\/\/actualites.ca.msn.com\/chroniques\/chroniques.aspx\" target=\"_blank\">MSN<\/a>,\u00a02012.11.21<\/li>\n<li><a href=\"http:\/\/www.lactualite.com\/societe\/gratte-ciels-pour-petits-proprios\" target=\"_blank\">Gratte-ciels pour petits proprios<\/a>,\u00a0par\u00a0Julie Barlow,\u00a0<a href=\"http:\/\/www.lactualite.com\/author\/juliebarlow\/\" target=\"_blank\">L\u2019actualit\u00e9<\/a>,\u00a02012.11.18<\/li>\n<li><a href=\"https:\/\/nadeaubarlow.com\/wp-content\/uploads\/2013\/02\/2012-11-01-Quebec-Science-Une-histoire-electrisante.pdf\">Une histoire \u00e9lectrisante<\/a>,\u00a0par\u00a0Jean-Beno\u00eet Nadeau, <a href=\"http:\/\/www.quebecscience.qc.ca\/\" target=\"_blank\">Qu\u00e9bec Science<\/a>, 2012.11.01<\/li>\n<\/ul>\n<\/div>\n<div>\n<div><strong>octobre 2012<\/strong><\/div>\n<ul>\n<li><a href=\"http:\/\/actualites.ca.msn.com\/chroniques\/alerte-m%C3%A9t%C3%A9o-et-frankenstorm\" target=\"_blank\">Alerte m\u00e9t\u00e9o et Frankenstorm<\/a>,\u00a0par\u00a0Jean-Beno\u00eet Nadeau,\u00a0<a href=\"http:\/\/actualites.ca.msn.com\/chroniques\/chroniques.aspx\" target=\"_blank\">MSN<\/a>,\u00a02012.10.30<\/li>\n<li><a href=\"http:\/\/actualites.ca.msn.com\/chroniques\/alerte-m%C3%A9t%C3%A9o-et-frankenstorm\" target=\"_blank\">Complot et loi du silence<\/a>,\u00a0par\u00a0Jean-Beno\u00eet Nadeau,\u00a0<a href=\"http:\/\/actualites.ca.msn.com\/chroniques\/chroniques.aspx\" target=\"_blank\">MSN<\/a>,\u00a02012.10.23<\/li>\n<li><a href=\"http:\/\/actualites.ca.msn.com\/chroniques\/jean-benoit-nadeau.aspx?cp-documentid=254138705\" target=\"_blank\">Pour en finir avec les devoirs<\/a>,\u00a0par\u00a0Jean-Beno\u00eet Nadeau,\u00a0<a href=\"http:\/\/actualites.ca.msn.com\/chroniques\/chroniques.aspx\" target=\"_blank\">MSN<\/a>,\u00a02012.10.09<\/li>\n<li><a href=\"http:\/\/actualites.ca.msn.com\/chroniques\/lauto-google\" target=\"_blank\" rel=\"Empty\">L\u2019auto Google<\/a>,\u00a0par\u00a0Jean-Beno\u00eet Nadeau,\u00a0<a href=\"http:\/\/actualites.ca.msn.com\/chroniques\/chroniques.aspx\" target=\"_blank\">MSN<\/a>,\u00a02012.10.02<\/li>\n<\/ul>\n<\/div>\n<div><strong>septembre 2012<\/strong><\/div>\n<div>\n<ul>\n<li><a href=\"http:\/\/actualites.ca.msn.com\/chroniques\/sagesse-populaire-et-folie-meurtri%C3%A8re\" target=\"_blank\">Sagesse populaire et folie meurtri\u00e8re<\/a>,\u00a0par\u00a0Jean-Beno\u00eet Nadeau,\u00a0<a href=\"http:\/\/actualites.ca.msn.com\/chroniques\/chroniques.aspx\" target=\"_blank\">MSN<\/a>,\u00a02012.09.05<\/li>\n<\/ul>\n<div>\u00a0<strong>ao\u00fbt 2012<\/strong><\/div>\n<ul>\n<li><a href=\"http:\/\/actualites.ca.msn.com\/chroniques\/la-belle-vie\" target=\"_blank\">La belle vie<\/a>,\u00a0par\u00a0Jean-Beno\u00eet Nadeau,\u00a0<a href=\"http:\/\/actualites.ca.msn.com\/chroniques\/chroniques.aspx\" target=\"_blank\">MSN<\/a>,\u00a02012.08.15<\/li>\n<\/ul>\n<\/div>\n<div><strong>juillet 2012<\/strong><\/div>\n<div>\n<ul>\n<li><a href=\"http:\/\/actualites.ca.msn.com\/chroniques\/mes-jeux-olympiques\" target=\"_blank\">Mes jeux olympiques<\/a>,\u00a0par\u00a0Jean-Beno\u00eet Nadeau,\u00a0<a href=\"http:\/\/actualites.ca.msn.com\/chroniques\/chroniques.aspx\" target=\"_blank\">MSN<\/a>,\u00a02012.07.31<\/li>\n<li><a href=\"http:\/\/actualites.ca.msn.com\/chroniques\/faut-il-un-%C2%AB-plan-monstre-%C2%BB\" target=\"_blank\">Faut-il un \u00ab plan-monstre \u00bb?<\/a>\u00a0par\u00a0Jean-Beno\u00eet Nadeau,\u00a0<a href=\"http:\/\/actualites.ca.msn.com\/chroniques\/chroniques.aspx\" target=\"_blank\">MSN<\/a>,\u00a02012.07.24<\/li>\n<\/ul>\n<\/div>\n<div><strong>juin 2012<\/strong><\/div>\n<div>\n<ul>\n<li><a href=\"http:\/\/actualites.ca.msn.com\/chroniques\/les-crat%C3%A8res-de-montr%C3%A9al-la-solution\" target=\"_blank\">Les crat\u00e8res de Montr\u00e9al: la solution<\/a>,\u00a0par\u00a0Jean-Beno\u00eet Nadeau,\u00a0<a href=\"http:\/\/actualites.ca.msn.com\/chroniques\/chroniques.aspx\" target=\"_blank\">MSN<\/a>,\u00a02012.06.26<\/li>\n<li><a href=\"http:\/\/actualites.ca.msn.com\/chroniques\/croyez-vous-%C3%A0-la-magie\" target=\"_blank\">Croyez-vous \u00e0 la magie?<\/a>\u00a0par\u00a0Jean-Beno\u00eet Nadeau,\u00a0<a href=\"http:\/\/actualites.ca.msn.com\/chroniques\/chroniques.aspx\" target=\"_blank\">MSN<\/a>,\u00a02012.06.19<\/li>\n<\/ul>\n<\/div>\n<div><strong>mai 2012<\/strong><\/div>\n<div>\n<ul>\n<li><a href=\"http:\/\/actualites.ca.msn.com\/chroniques\/souvenirs-%C3%A9tudiants\" target=\"_blank\">Souvenirs \u00e9tudiants<\/a>,\u00a0par\u00a0Jean-Beno\u00eet Nadeau,\u00a0<a href=\"http:\/\/actualites.ca.msn.com\/chroniques\/chroniques.aspx\" target=\"_blank\">MSN<\/a>,\u00a02012.05.30<\/li>\n<li><a href=\"http:\/\/actualites.ca.msn.com\/chroniques\/deux-heures-%C3%A0-niagara\" target=\"_blank\">Deux heures \u00e0 Niagara<\/a>,\u00a0par\u00a0Jean-Beno\u00eet Nadeau,\u00a0<a href=\"http:\/\/actualites.ca.msn.com\/chroniques\/chroniques.aspx\" target=\"_blank\">MSN<\/a>,\u00a02012.05.15<\/li>\n<\/ul>\n<\/div>\n<div><strong>avril 2012<\/strong><\/div>\n<div>\n<ul>\n<li><a href=\"http:\/\/actualites.ca.msn.com\/chroniques\/linsubmersible-titanic\" target=\"_blank\">L&rsquo;insubmersible Titanic<\/a>,\u00a0par\u00a0Jean-Beno\u00eet Nadeau,\u00a0<a href=\"http:\/\/actualites.ca.msn.com\/chroniques\/chroniques.aspx\" target=\"_blank\">MSN<\/a>,\u00a02012.04.17<\/li>\n<li><a href=\"http:\/\/actualites.ca.msn.com\/chroniques\/la-retraite-%C3%A0-67-ans\" target=\"_blank\">La retraite \u00e0 67 ans<\/a>,\u00a0par\u00a0Jean-Beno\u00eet Nadeau,\u00a0<a href=\"http:\/\/actualites.ca.msn.com\/chroniques\/chroniques.aspx\" target=\"_blank\">MSN<\/a>,\u00a02012.04.03<\/li>\n<\/ul>\n<\/div>\n<div><strong>mars 2012\u00a0<\/strong><\/div>\n<div>\n<ul>\n<li><a href=\"http:\/\/actualites.ca.msn.com\/chroniques\/larch%C3%A9ologie-dune-vie\" target=\"_blank\">L&rsquo;arch\u00e9ologie d&rsquo;une vie<\/a>,\u00a0par\u00a0Jean-Beno\u00eet Nadeau,\u00a0<a href=\"http:\/\/actualites.ca.msn.com\/chroniques\/chroniques.aspx\" target=\"_blank\">MSN<\/a>,\u00a02012.03.27<\/li>\n<li><a href=\"http:\/\/actualites.ca.msn.com\/chroniques\/toulouse-humanity\" target=\"_blank\">Toulouse humanity<\/a>,\u00a0par\u00a0Jean-Beno\u00eet Nadeau,\u00a0<a href=\"http:\/\/actualites.ca.msn.com\/chroniques\/chroniques.aspx\" target=\"_blank\">MSN<\/a>,\u00a02012.03.22<\/li>\n<li><a href=\"http:\/\/actualites.ca.msn.com\/chroniques\/la-retraite-des-fonctionnaires-ou-lindustrialisation-du-pot-de-vin\" target=\"_blank\">La retraite des fonctionnaires ou l&rsquo;industrialisation du pot-de-vin<\/a>,\u00a0par\u00a0Jean-Beno\u00eet Nadeau,\u00a0<a href=\"http:\/\/actualites.ca.msn.com\/chroniques\/chroniques.aspx\" target=\"_blank\">MSN<\/a>,\u00a02012.03.15<\/li>\n<li><a href=\"http:\/\/actualites.ca.msn.com\/chroniques\/salut-les-femmes\" target=\"_blank\">Salut, les femmes!<\/a>\u00a0par\u00a0Jean-Beno\u00eet Nadeau,\u00a0<a href=\"http:\/\/actualites.ca.msn.com\/chroniques\/chroniques.aspx\" target=\"_blank\">MSN<\/a>,\u00a02012.03.07<\/li>\n<\/ul>\n<\/div>\n<div><strong><\/strong><strong>f\u00e9vrier<strong>\u00a02012\u00a0<\/strong><\/strong><\/div>\n<div>\n<ul>\n<li><a href=\"http:\/\/actualites.ca.msn.com\/chroniques\/les-cliniques-de-virilit%C3%A9-2e-partie-toronto-et-montr%C3%A9al\" target=\"_blank\">Les cliniques de virilit\u00e9 &#8211; 2e partie: Toronto et Montr\u00e9a<\/a>l,\u00a0par\u00a0Jean-Beno\u00eet Nadeau,\u00a0<a href=\"http:\/\/actualites.ca.msn.com\/chroniques\/chroniques.aspx\" target=\"_blank\">MSN<\/a>,\u00a02012.02.15<\/li>\n<li><a href=\"http:\/\/actualites.ca.msn.com\/chroniques\/les-cliniques-de-virilit%C3%A9\" target=\"_blank\">Les cliniques de virilit\u00e9<\/a>,\u00a0par\u00a0Jean-Beno\u00eet Nadeau,\u00a0<a href=\"http:\/\/actualites.ca.msn.com\/chroniques\/chroniques.aspx\" target=\"_blank\">MSN<\/a>,\u00a02012.02.14<\/li>\n<li><a href=\"http:\/\/actualites.ca.msn.com\/chroniques\/le-sucre-le-gras-et-autres-n%C3%A9vroses-alimentaires\" target=\"_blank\">Le sucre, le gras et autres n\u00e9vroses alimentaires<\/a>,\u00a0par\u00a0Jean-Beno\u00eet Nadeau,\u00a0<a href=\"http:\/\/actualites.ca.msn.com\/chroniques\/chroniques.aspx\" target=\"_blank\">MSN<\/a>,\u00a02012.02.07<\/li>\n<\/ul>\n<\/div>\n<div>\n<div><strong>janvier 2012\u00a0<\/strong><\/div>\n<div>\n<ul>\n<li>\u00a0<a href=\"http:\/\/actualites.ca.msn.com\/chroniques\/lhiver-on-the-rocks\" target=\"_blank\">L&rsquo;hiver on the rocks<\/a>,\u00a0par\u00a0Jean-Beno\u00eet Nadeau,\u00a0<a href=\"http:\/\/actualites.ca.msn.com\/chroniques\/chroniques.aspx\" target=\"_blank\">MSN<\/a>,\u00a02012.01.17<\/li>\n<li><a href=\"http:\/\/actualites.ca.msn.com\/chroniques\/un-fou-de-moins-%C3%A0-la-rue?page=2\" target=\"_blank\">Un fou de moins \u00e0 la rue<\/a>,\u00a0par\u00a0Jean-Beno\u00eet Nadeau,\u00a0<a href=\"http:\/\/actualites.ca.msn.com\/chroniques\/chroniques.aspx\" target=\"_blank\">MSN<\/a>,\u00a02012.01.10<\/li>\n<\/ul>\n<\/div>\n<\/div>\n<\/div>\n<\/div>\n","protected":false},"excerpt":{"rendered":"<p>Articles sur la langue et la culture\u00a0\u00bb septembre 2013 \u00ab Je veux r\u00e9ussir le passage \u00e0 la g\u00e9n\u00e9ration suivante \u00bb,\u00a0par\u00a0Jean-Beno\u00eet Nadeau,\u00a0L\u2019actualit\u00e9,\u00a02013.09.12 \u00ab Je veux doter &#8230;<\/p>\n","protected":false},"author":2,"featured_media":0,"parent":1247,"menu_order":0,"comment_status":"open","ping_status":"closed","template":"","meta":[],"_links":{"self":[{"href":"https:\/\/nadeaubarlow.com\/fr\/wp-json\/wp\/v2\/pages\/6865"}],"collection":[{"href":"https:\/\/nadeaubarlow.com\/fr\/wp-json\/wp\/v2\/pages"}],"about":[{"href":"https:\/\/nadeaubarlow.com\/fr\/wp-json\/wp\/v2\/types\/page"}],"author":[{"embeddable":true,"href":"https:\/\/nadeaubarlow.com\/fr\/wp-json\/wp\/v2\/users\/2"}],"replies":[{"embeddable":true,"href":"https:\/\/nadeaubarlow.com\/fr\/wp-json\/wp\/v2\/comments?post=6865"}],"version-history":[{"count":47,"href":"https:\/\/nadeaubarlow.com\/fr\/wp-json\/wp\/v2\/pages\/6865\/revisions"}],"predecessor-version":[{"id":7522,"href":"https:\/\/nadeaubarlow.com\/fr\/wp-json\/wp\/v2\/pages\/6865\/revisions\/7522"}],"up":[{"embeddable":true,"href":"https:\/\/nadeaubarlow.com\/fr\/wp-json\/wp\/v2\/pages\/1247"}],"wp:attachment":[{"href":"https:\/\/nadeaubarlow.com\/fr\/wp-json\/wp\/v2\/media?parent=6865"}],"curies":[{"name":"wp","href":"https:\/\/api.w.org\/{rel}","templated":true}]}}